{"id":1519,"date":"2020-05-26T15:40:49","date_gmt":"2020-05-26T15:40:49","guid":{"rendered":"http:\/\/artretail.com\/?page_id=1519"},"modified":"2020-06-01T09:07:33","modified_gmt":"2020-06-01T09:07:33","slug":"global-retail-projects","status":"publish","type":"page","link":"https:\/\/artretail.com\/fr\/global-retail-projects\/","title":{"rendered":"Global Retail Projects"},"content":{"rendered":"<p>[et_pb_section fb_built=\u00a0\u00bb1&Prime; _builder_version=\u00a0\u00bb4.4.5&Prime; custom_padding=\u00a0\u00bb||0px||false|false\u00a0\u00bb][et_pb_row _builder_version=\u00a0\u00bb4.4.5&Prime;][et_pb_column type=\u00a0\u00bb4_4&Prime; _builder_version=\u00a0\u00bb4.4.5&Prime;][et_pb_text admin_label=\u00a0\u00bbGlobal Retail Projects\u00a0\u00bb _builder_version=\u00a0\u00bb4.4.5&Prime;]<\/p>\n<h1 style=\"text-align: center;\"><strong><span style=\"font-family: alegreya-sans-sc;\">Global Retail Projects<\/span><\/strong><\/h1>\n<p>[\/et_pb_text][\/et_pb_column][\/et_pb_row][et_pb_row column_structure=\u00a0\u00bb1_3,1_3,1_3&Prime; _builder_version=\u00a0\u00bb4.4.5&Prime;][et_pb_column type=\u00a0\u00bb1_3&Prime; _builder_version=\u00a0\u00bb4.4.5&Prime;][et_pb_text admin_label=\u00a0\u00bbGlobal Retail Projects\u00a0\u00bb _builder_version=\u00a0\u00bb4.4.5&Prime;]<\/p>\n<div class=\"eds-animate edsanimate-sis-hidden \" data-eds-entry-animation=\"slideInLeft\" data-eds-entry-delay=\"0\" data-eds-entry-duration=\"2\" data-eds-entry-timing=\"ease\" data-eds-exit-animation=\"\" data-eds-exit-delay=\"\" data-eds-exit-duration=\"\" data-eds-exit-timing=\"\" data-eds-repeat-count=\"1\" data-eds-keep=\"yes\" data-eds-animate-on=\"load\" data-eds-scroll-offset=\"\">\n<h1><strong><span style=\"font-family: alegreya-sans-sc;\">Global Retail Projects<\/span><\/strong><\/h1>\n<h2><strong><span style=\"font-family: alegreya-sans-sc;\">Construction y Agencement : Local commercial<\/span><\/strong><\/h2>\n<p style=\"text-align: justify;\"><span style=\"font-family: alegreya-sans-sc;\"><em>En \u00e9troite collaboration avec un important r\u00e9seau d\u2019architectes, ing\u00e9nieurs et artisans, notre \u00e9quipe travaille dans l\u2019objectif d\u2019obtenir l\u2019enti\u00e8re satisfaction de nos clients<\/em><\/span><\/p>\n<\/div>\n<p>[\/et_pb_text][\/et_pb_column][et_pb_column type=\u00a0\u00bb1_3&Prime; _builder_version=\u00a0\u00bb4.4.5&Prime;][et_pb_text admin_label=\u00a0\u00bbNotre concept clef-en-main permet d\u2019offrir\u00a0\u00bb _builder_version=\u00a0\u00bb4.4.5&Prime;]<\/p>\n<div class=\"eds-animate edsanimate-sis-hidden \" data-eds-entry-animation=\"slideInRight\" data-eds-entry-delay=\"0\" data-eds-entry-duration=\"2.3\" data-eds-entry-timing=\"ease\" data-eds-exit-animation=\"\" data-eds-exit-delay=\"\" data-eds-exit-duration=\"\" data-eds-exit-timing=\"\" data-eds-repeat-count=\"1\" data-eds-keep=\"yes\" data-eds-animate-on=\"load\" data-eds-scroll-offset=\"\">\n<p style=\"text-align: justify;\"><span style=\"font-family: alegreya-sans-sc; font-size: 12pt;\">Notre concept clef-en-main permet d\u2019offrir un service int\u00e9gral d\u2019ex\u00e9cution qui consiste \u00e0 prendre en charge le projet depuis l\u2019id\u00e9e jusqu\u2019\u00e0 sa mat\u00e9rialisation et mise en<br \/>service tout en respectant avec pr\u00e9cision le concept et l\u2019identit\u00e9 du client. Grace aux processus d\u2019intervention, aux protocoles implant\u00e9s et \u00e0 la grande professionnalit\u00e9 de notre \u00e9quipe, nous pouvons r\u00e9aliser des projets de tous les concepts du secteur du retail tout en respectant les d\u00e9lais et les sp\u00e9cificit\u00e9s de chacun. Nous nous attachons \u00e0 offrir un service d\u2019excellence exclusif, personnalis\u00e9 et sur mesure dans la r\u00e9alisation de chaque d\u00e9tail aussi bien lors de nos interventions sur l\u2019ensemble du territoire europ\u00e9en. Nous garantissons les d\u00e9lais, la qualit\u00e9, et le contr\u00f4le total pendant toute la dur\u00e9e des travaux. Nous nous chargeons de l\u2019ensemble des d\u00e9marches administratives et l\u00e9gales ainsi que des permis et les licences n\u00e9cessaires<\/span><\/div><\/p>\n<p>[\/et_pb_text][\/et_pb_column][et_pb_column type=\u00a0\u00bb1_3&Prime; _builder_version=\u00a0\u00bb4.4.5&Prime;][et_pb_text admin_label=\u00a0\u00bbNuestro equipo de direcci\u00f3n de obra\u00a0\u00bb _builder_version=\u00a0\u00bb4.4.5&Prime;]<div class=\"eds-animate edsanimate-sis-hidden \" data-eds-entry-animation=\"slideInRight\" data-eds-entry-delay=\"0\" data-eds-entry-duration=\"2.5\" data-eds-entry-timing=\"ease\" data-eds-exit-animation=\"\" data-eds-exit-delay=\"\" data-eds-exit-duration=\"\" data-eds-exit-timing=\"\" data-eds-repeat-count=\"1\" data-eds-keep=\"yes\" data-eds-animate-on=\"load\" data-eds-scroll-offset=\"\"><\/p>\n<p style=\"text-align: justify;\"><span style=\"font-size: 12pt; font-family: alegreya-sans-sc;\">Notre \u00e9quipe de direction et de coordination de chantiers garantit par la mise en marche, le bon fonctionnement des installations \u00e9lectriques, de climatisation, de protection incendie, des syst\u00e8mes de s\u00e9curit\u00e9 et la parfaite ex\u00e9cution des travaux r\u00e9alis\u00e9s en serrurerie, plomberie, nettoyage, ma\u00e7onnerie, pl\u00e2trerie, rev\u00eatement, menuiserie, mobilier, etc. ArtReTail intervient dans la plupart des pays europ\u00e9ens, en Suisse, en Belgique, en Allemagne, en Italie, au Portugal, aux royaume Unis, etc. et particuli\u00e8rement en Espagne et en France pour des clients majoritairement fran\u00e7ais ou francophone, la double culture francoespagnole de son \u00e9quipe de direction<br \/>\nfacilitant le dialogue et la compr\u00e9hension culturelle.<\/span><\/p>\n<p style=\"text-align: justify;\"><\/div><\/p>\n<p>&nbsp;<\/p>\n<p>&nbsp;[\/et_pb_text][\/et_pb_column][\/et_pb_row][et_pb_row _builder_version=\u00a0\u00bb4.4.5&Prime;][et_pb_column type=\u00a0\u00bb4_4&Prime; _builder_version=\u00a0\u00bb4.4.5&Prime;][et_pb_image src=\u00a0\u00bbhttp:\/\/artretail.com\/wp-content\/uploads\/2020\/05\/Art-Retail-Global-Retail-Project-01.jpg\u00a0\u00bb title_text=\u00a0\u00bbArt-Retail-Global-Retail-Project-01&Prime; admin_label=\u00a0\u00bbImagen Maniqu\u00ed\u00a0\u00bb _builder_version=\u00a0\u00bb4.4.5&Prime;][\/et_pb_image][et_pb_image src=\u00a0\u00bbhttp:\/\/artretail.com\/wp-content\/uploads\/2020\/05\/Art-Retail-Global-Retail-Project-02.jpg\u00a0\u00bb title_text=\u00a0\u00bbArt-Retail-Global-Retail-Project-02&Prime; admin_label=\u00a0\u00bbImagen dise\u00f1o\u00a0\u00bb _builder_version=\u00a0\u00bb4.4.5&Prime;][\/et_pb_image][\/et_pb_column][\/et_pb_row][et_pb_row _builder_version=\u00a0\u00bb4.4.5&Prime;][et_pb_column type=\u00a0\u00bb4_4&Prime; _builder_version=\u00a0\u00bb4.4.5&Prime;][et_pb_text admin_label=\u00a0\u00bbNOS VALEURS\u00a0\u00bb _builder_version=\u00a0\u00bb4.4.5&Prime;]<\/p>\n<h2 style=\"text-align: center;\"><strong><a href=\"#valores\"><span style=\"font-family: alegreya-sans-sc;\">NOS VALEURS<\/span><\/a><\/strong><\/h2>\n<p>[\/et_pb_text][\/et_pb_column][\/et_pb_row][\/et_pb_section][et_pb_section fb_built=\u00a0\u00bb1&Prime; _builder_version=\u00a0\u00bb4.4.5&Prime; background_image=\u00a0\u00bbhttps:\/\/artretail.com\/wp-content\/uploads\/2020\/05\/BG-Valores-3.jpg\u00a0\u00bb custom_padding=\u00a0\u00bb0px||0px||false|false\u00a0\u00bb hover_enabled=\u00a0\u00bb0&Prime;][et_pb_row column_structure=\u00a0\u00bb1_2,1_2&Prime; module_id=\u00a0\u00bbvalores\u00a0\u00bb _builder_version=\u00a0\u00bb4.4.5&Prime; background_enable_image=\u00a0\u00bboff\u00a0\u00bb custom_padding=\u00a0\u00bb0px||0px||false|false\u00a0\u00bb][et_pb_column type=\u00a0\u00bb1_2&Prime; _builder_version=\u00a0\u00bb4.4.5&Prime;][et_pb_text admin_label=\u00a0\u00bbExcellence\u00a0\u00bb _builder_version=\u00a0\u00bb4.4.5&Prime;]<\/p>\n<h2><strong><span style=\"font-family: alegreya-sans-sc;\">Excellence<\/span><\/strong><\/h2>\n<p><span style=\"font-family: alegreya-sans-sc; font-size: 12pt;\">Nous offrons des solutions \u00e0 chaque \u00e9tape du projet telles que des propositions cr\u00e9atives, des alternatives techniques d\u2019avant-garde mais aussi l\u2019utilisations de mat\u00e9riaux nobles et de syst\u00e8mes d\u2019installation de derni\u00e8re g\u00e9n\u00e9ration.<\/span><br \/><span style=\"font-family: alegreya-sans-sc; font-size: 12pt;\">Nous supervisons et dirigeons le chantier depuis la cr\u00e9ation de prototypes de mobilier jusqu\u2019\u00e0 l\u2019ex\u00e9cution de solutions sophistiqu\u00e9es adapt\u00e9es \u00e0 chaque espace du secteur du retail et aux r\u00e9alisations exclusives dans le secteur du luxe.<\/span><\/p>\n<p>[\/et_pb_text][et_pb_text admin_label=\u00a0\u00bbS\u00e9curit\u00e9\u00a0\u00bb _builder_version=\u00a0\u00bb4.4.5&Prime;]<\/p>\n<h2><strong><span style=\"font-family: alegreya-sans-sc;\">S\u00e9curit\u00e9<\/span><\/strong><\/h2>\n<p><span style=\"font-size: 12pt; font-family: alegreya-sans-sc;\">ArtReTail exige le respect exemplaire des normes de s\u00e9curit\u00e9 en vigueur de la l\u00e9gislation de chaque pays et des normes europ\u00e9ennes. Nous attachons une attention particuli\u00e8re au bien-\u00eatre et \u00e0 la sant\u00e9 de nos collaborateurs.<\/span><\/p>\n<p>&nbsp;<\/p>\n<p>[\/et_pb_text][\/et_pb_column][et_pb_column type=\u00a0\u00bb1_2&Prime; _builder_version=\u00a0\u00bb4.4.5&Prime;][et_pb_text admin_label=\u00a0\u00bbQualit\u00e9\u00a0\u00bb _builder_version=\u00a0\u00bb4.4.5&Prime;]<\/p>\n<h2><strong><span style=\"font-family: alegreya-sans-sc;\">Qualit\u00e9<\/span><\/strong><\/h2>\n<p><span style=\"font-size: 12pt; font-family: alegreya-sans-sc;\">ArtReTail offre la garantie d\u2019un service de qualit\u00e9 totale pendant toute la dur\u00e9e de l\u2019ex\u00e9cution du chantier gr\u00e2ce aux choix de ses collaborateurs accr\u00e9dit\u00e9s et d\u00e9tenteurs de tous les certificats et permis n\u00e9cessaires pour op\u00e9rer dans le pays de r\u00e9f\u00e9rence.<\/span><\/p>\n<p>[\/et_pb_text][et_pb_text admin_label=\u00a0\u00bbEco-durabilit\u00e9\u00a0\u00bb _builder_version=\u00a0\u00bb4.4.5&Prime;]<\/p>\n<h2><strong><span style=\"font-family: alegreya-sans-sc;\">Eco-durabilit\u00e9<\/span><\/strong><\/h2>\n<p><span style=\"font-size: 12pt; font-family: alegreya-sans-sc;\">Nous nous attachons \u00e0 respecter les principes de l\u2019architecture et de la construction durables en int\u00e9grant \u00e0 notre activit\u00e9 les programmes d\u2019efficacit\u00e9 \u00e9nerg\u00e9tique, d\u2019\u00e9coconstruction appliqu\u00e9s aux \u00e9difications de nouvelle construction. De cette mani\u00e8re nous cr\u00e9ons des espaces durables de qualit\u00e9 qui offrent des solutions de faible impact environnemental sur la base de l&rsquo;efficacit\u00e9 \u00e9nerg\u00e9tique.<\/span><\/p>\n<p>&nbsp;<\/p>\n<p>[\/et_pb_text][\/et_pb_column][\/et_pb_row][\/et_pb_section]<\/p>\n","protected":false},"excerpt":{"rendered":"<p>Global Retail Projects<div class=\"eds-animate edsanimate-sis-hidden \" data-eds-entry-animation=\"slideInLeft\" data-eds-entry-delay=\"0\" data-eds-entry-duration=\"2\" data-eds-entry-timing=\"ease\" data-eds-exit-animation=\"\" data-eds-exit-delay=\"\" data-eds-exit-duration=\"\" data-eds-exit-timing=\"\" data-eds-repeat-count=\"1\" data-eds-keep=\"yes\" data-eds-animate-on=\"load\" data-eds-scroll-offset=\"\"> Global Retail Projects Construction y Agencement : Local commercial En \u00e9troite collaboration avec un important r\u00e9seau d\u2019architectes, ing\u00e9nieurs et artisans, notre \u00e9quipe travaille dans l\u2019objectif d\u2019obtenir [&hellip;]<\/p>\n","protected":false},"author":1,"featured_media":0,"parent":0,"menu_order":0,"comment_status":"closed","ping_status":"closed","template":"","meta":{"_et_pb_use_builder":"on","_et_pb_old_content":"[et_pb_section fb_built=\"1\" _builder_version=\"4.4.5\" custom_padding=\"||0px||false|false\"][et_pb_row _builder_version=\"4.4.5\"][et_pb_column type=\"4_4\" _builder_version=\"4.4.5\"][et_pb_text admin_label=\"Global Retail Projects\" _builder_version=\"4.4.5\"]<h1 style=\"text-align: center;\"><strong><span style=\"font-family: alegreya-sans-sc;\">Global Retail Projects<\/span><\/strong><\/h1>[\/et_pb_text][\/et_pb_column][\/et_pb_row][et_pb_row column_structure=\"1_3,1_3,1_3\" _builder_version=\"4.4.5\"][et_pb_column type=\"1_3\" _builder_version=\"4.4.5\"][et_pb_text admin_label=\"Global Retail Projects\" _builder_version=\"4.4.5\"]<p>[edsanimate_start entry_animation_type= \"slideInLeft\" entry_delay= \"0\" entry_duration= \"2\" entry_timing= \"ease\" exit_animation_type= \"\" exit_delay= \"\" exit_duration= \"\" exit_timing= \"\" animation_repeat= \"1\" keep= \"yes\" animate_on= \"load\" scroll_offset= \"\" custom_css_class= \"\"]<\/p>\r\n<h1><span style=\"font-family: alegreya-sans-sc;\">Global Retail Projects<\/span><\/h1>\r\n<h2><span style=\"font-family: alegreya-sans-sc;\">Construcci\u00f3n y reforma local comercial<\/span><\/h2>\r\n<p style=\"text-align: justify;\"><span style=\"font-family: alegreya-sans-sc;\"><em>Con la colaboraci\u00f3n de una amplia red de arquitectos, ingenieros y artesanos, trabajamos para conseguir la plena satisfacci\u00f3n de nuestros clientes.<\/em><\/span><\/p>\r\n<p>[edsanimate_end]<\/p>[\/et_pb_text][\/et_pb_column][et_pb_column type=\"1_3\" _builder_version=\"4.4.5\"][et_pb_text admin_label=\"Mediante el concepto\" _builder_version=\"4.4.5\"]<p>[edsanimate_start entry_animation_type= \"slideInRight\" entry_delay= \"0\" entry_duration= \"2.3\" entry_timing= \"ease\" exit_animation_type= \"\" exit_delay= \"\" exit_duration= \"\" exit_timing= \"\" animation_repeat= \"1\" keep= \"yes\" animate_on= \"load\" scroll_offset= \"\" custom_css_class= \"\"]<\/p>\r\n<p style=\"text-align: justify;\"><span style=\"font-family: alegreya-sans-sc; font-size: 12pt;\">Mediante el concepto \u201cllave en mano\u201d, ofrecemos un servicio integral de ejecuci\u00f3n de proyecto desde la idea hasta su materializaci\u00f3n, respetando con precisi\u00f3n el concepto y la identidad del cliente. Con unos procesos preestablecidos y la profesionalidad de nuestro equipo, podemos realizar cualquier concepto en el sector del retail, cumpliendo con especificidades y plazos. Todo a su medida, ofrecemos un servicio de excelencia en la realizaci\u00f3n de cada detalle tanto para sus proyectos locales como internacionales. Garantizamos plazos, calidad y control total durante el transcurso de la ejecuci\u00f3n del proyecto. Llevamos los procesos administrativos legales necesarios como permisos y licencias.<\/span>[edsanimate_end]<\/p>[\/et_pb_text][\/et_pb_column][et_pb_column type=\"1_3\" _builder_version=\"4.4.5\"][et_pb_text admin_label=\"Nuestro equipo de direcci\u00f3n de obra\" _builder_version=\"4.4.5\"]<p>[edsanimate_start entry_animation_type= \"slideInRight\" entry_delay= \"0\" entry_duration= \"2.5\" entry_timing= \"ease\" exit_animation_type= \"\" exit_delay= \"\" exit_duration= \"\" exit_timing= \"\" animation_repeat= \"1\" keep= \"yes\" animate_on= \"load\" scroll_offset= \"\" custom_css_class= \"\"]<\/p>\r\n<p style=\"text-align: justify;\"><span style=\"font-size: 12pt; font-family: alegreya-sans-sc;\">Nuestro equipo de direcci\u00f3n de obra y coordinaci\u00f3n garantiza, hasta la puesta en marcha, el correcto funcionamiento de las instalaciones el\u00e9ctricas, de climatizaci\u00f3n, protecci\u00f3n contra incendios, sistemas de seguridad y la perfecta ejecuci\u00f3n de los trabajos realizados en cerrajer\u00eda, fontaner\u00eda, limpieza, alba\u00f1iler\u00eda, carpinter\u00eda, cart\u00f3n-yeso, revestimientos, mobiliario, etc. ArtReTail opera en Espa\u00f1a y Francia, ya que la bi-cultura franco-espa\u00f1ola que nos caracteriza facilita el di\u00e1logo con nuestros clientes, as\u00ed como en las principales ciudades europeas, en Suiza, B\u00e9lgica, Italia, Portugal, Alemania, Inglaterra, etc.<\/span><\/p>\r\n<p style=\"text-align: justify;\">[edsanimate_end]<\/p>\r\n<p>\u00a0<\/p>\r\n<p>\u00a0<\/p>[\/et_pb_text][\/et_pb_column][\/et_pb_row][et_pb_row _builder_version=\"4.4.5\"][et_pb_column type=\"4_4\" _builder_version=\"4.4.5\"][et_pb_image src=\"https:\/\/artretail.com\/wp-content\/uploads\/2020\/05\/Art-Retail-Global-Retail-Project-01.jpg\" title_text=\"Art-Retail-Global-Retail-Project-01\" admin_label=\"Imagen Maniqu\u00ed\" _builder_version=\"4.4.5\"][\/et_pb_image][et_pb_image src=\"https:\/\/artretail.com\/wp-content\/uploads\/2020\/05\/Art-Retail-Global-Retail-Project-02.jpg\" title_text=\"Art-Retail-Global-Retail-Project-02\" admin_label=\"Imagen dise\u00f1o\" _builder_version=\"4.4.5\"][\/et_pb_image][\/et_pb_column][\/et_pb_row][et_pb_row _builder_version=\"4.4.5\"][et_pb_column type=\"4_4\" _builder_version=\"4.4.5\"][et_pb_text admin_label=\"Nuestros Valores: Excelencia y Calidad\" _builder_version=\"4.4.5\"]<h2 style=\"text-align: center;\"><a href=\"#valores\"><span style=\"font-family: alegreya-sans-sc;\">Nuestros Valores: Excelencia y Calidad<\/span><\/a><\/h2>[\/et_pb_text][\/et_pb_column][\/et_pb_row][\/et_pb_section][et_pb_section fb_built=\"1\" _builder_version=\"4.4.5\" background_image=\"https:\/\/artretail.com\/wp-content\/uploads\/2020\/05\/BG-Valores-3.jpg\" custom_padding=\"0px||0px||false|false\"][et_pb_row column_structure=\"1_2,1_2\" module_id=\"valores\" _builder_version=\"4.4.5\" background_enable_image=\"off\" custom_padding=\"0px||0px||false|false\"][et_pb_column type=\"1_2\" _builder_version=\"4.4.5\"][et_pb_text admin_label=\"Excelencia\" _builder_version=\"4.4.5\"]<h2><span style=\"font-family: alegreya-sans-sc;\">Excelencia<\/span><\/h2>\r\n<p><span style=\"font-family: alegreya-sans-sc; font-size: 12pt;\">Ofrecemos soluciones en cada etapa de la obra, as\u00ed como propuestas creativas y sofisticadas con t\u00e9cnicas vanguardistas, materiales nobles e instalaciones de \u00faltima generaci\u00f3n.<\/span><br \/><span style=\"font-family: alegreya-sans-sc; font-size: 12pt;\">Supervisamos la obra desde la creaci\u00f3n de prototipos de mobiliario hasta la ejecuci\u00f3n de soluciones adaptadas a cada tipo de espacio del sector del retail incluyendo realizaciones exclusivas para el segmento del lujo.<\/span><\/p>[\/et_pb_text][et_pb_text admin_label=\"Seguridad\" _builder_version=\"4.4.5\"]<h2><span style=\"font-family: alegreya-sans-sc;\">Seguridad<\/span><\/h2>\r\n<p><span style=\"font-size: 12pt; font-family: alegreya-sans-sc;\">ArtReTail exige el cumplimiento ejemplar de las normas de seguridad laboral en vigor en la legislaci\u00f3n de cada pa\u00eds y en base a las diferentes normativas europeas. Velamos con especial atenci\u00f3n al bienestar y la salud en el trabajo.<\/span><\/p>[\/et_pb_text][\/et_pb_column][et_pb_column type=\"1_2\" _builder_version=\"4.4.5\"][et_pb_text admin_label=\"Calidad\" _builder_version=\"4.4.5\"]<h2><span style=\"font-family: alegreya-sans-sc;\">Calidad<\/span><\/h2>\r\n<p><span style=\"font-size: 12pt; font-family: alegreya-sans-sc;\">La selecci\u00f3n de colaboradores operativos acreditados y poseedores de todas las certificaciones y permisos necesarios para operar en el pa\u00eds de referencia garantiza un servicio de calidad durante la ejecuci\u00f3n de la obra en cualquier pa\u00eds europeo.<\/span><br \/><span style=\"font-size: 12pt; font-family: alegreya-sans-sc;\">Durante el proceso de realizaci\u00f3n del proyecto, ArtReTail cuidar\u00e1 diariamente tanto de la parte est\u00e9tica como la t\u00e9cnica.<\/span><\/p>[\/et_pb_text][et_pb_text admin_label=\"Eco-Sostenibilidad\" _builder_version=\"4.4.5\"]<h2><span style=\"font-family: alegreya-sans-sc;\">Eco-Sostenibilidad<\/span><\/h2>\r\n<p><span style=\"font-size: 12pt; font-family: alegreya-sans-sc;\">Trabajamos desde el respeto de los principios de la arquitectura y construcci\u00f3n sostenibles integrando en nuestra actividad los programas de eficiencia energ\u00e9tica, eco-construcci\u00f3n y certificaciones oficiales aplicables a edificaciones de nueva construcci\u00f3n. As\u00ed, creamos espacios sostenibles de calidad que ofrecen soluciones de bajo impacto ambiental basadas en la eficiencia energ\u00e9tica.<\/span><\/p>\r\n<p>\u00a0<\/p>[\/et_pb_text][\/et_pb_column][\/et_pb_row][\/et_pb_section]","_et_gb_content_width":"","footnotes":""},"class_list":["post-1519","page","type-page","status-publish","hentry"],"_links":{"self":[{"href":"https:\/\/artretail.com\/fr\/wp-json\/wp\/v2\/pages\/1519","targetHints":{"allow":["GET"]}}],"collection":[{"href":"https:\/\/artretail.com\/fr\/wp-json\/wp\/v2\/pages"}],"about":[{"href":"https:\/\/artretail.com\/fr\/wp-json\/wp\/v2\/types\/page"}],"author":[{"embeddable":true,"href":"https:\/\/artretail.com\/fr\/wp-json\/wp\/v2\/users\/1"}],"replies":[{"embeddable":true,"href":"https:\/\/artretail.com\/fr\/wp-json\/wp\/v2\/comments?post=1519"}],"version-history":[{"count":7,"href":"https:\/\/artretail.com\/fr\/wp-json\/wp\/v2\/pages\/1519\/revisions"}],"predecessor-version":[{"id":1814,"href":"https:\/\/artretail.com\/fr\/wp-json\/wp\/v2\/pages\/1519\/revisions\/1814"}],"wp:attachment":[{"href":"https:\/\/artretail.com\/fr\/wp-json\/wp\/v2\/media?parent=1519"}],"curies":[{"name":"wp","href":"https:\/\/api.w.org\/{rel}","templated":true}]}}